{"id":6352,"date":"2016-09-21T12:07:21","date_gmt":"2016-09-21T16:07:21","guid":{"rendered":"http:\/\/www.hivandrehab.ca\/fr\/?page_id=6352"},"modified":"2016-10-03T11:21:26","modified_gmt":"2016-10-03T15:21:26","slug":"reinsertion-sociale","status":"publish","type":"page","link":"https:\/\/www.realizecanada.org\/fr\/notre-travail\/reinsertion-sociale\/","title":{"rendered":"R\u00e9insertion sociale"},"content":{"rendered":"<p>La r\u00e9insertion sociale peut faire toute la diff\u00e9rence en aidant les personnes vivant avec le VIH et d\u2019autres invalidit\u00e9s \u00e9pisodiques \u00e0 rester en bonne sant\u00e9, \u00e0 s\u2019int\u00e9grer \u00e0 la population active ou \u00e0 participer \u00e0 d\u2019autres activit\u00e9s, et \u00e0 jouer un r\u00f4le actif au sein de leur communaut\u00e9.\u00a0 En allant de la r\u00e9duction de la douleur \u00e0 la facilitation des achats, la r\u00e9insertion sociale a un r\u00f4le \u00e0 jouer.<\/p>\n<p>Les ressources contenues dans cette section vous familiariseront avec le r\u00f4le de la r\u00e9insertion sociale et la fa\u00e7on dont ces services peuvent vous aider.<\/p>\n","protected":false},"excerpt":{"rendered":"<p>La r\u00e9insertion sociale peut faire toute la diff\u00e9rence en aidant les personnes vivant avec le VIH et d\u2019autres invalidit\u00e9s \u00e9pisodiques&hellip;<\/p>\n","protected":false},"author":2,"featured_media":0,"parent":2729,"menu_order":8,"comment_status":"closed","ping_status":"closed","template":"","meta":{"_acf_changed":false,"inline_featured_image":false,"_genesis_hide_title":false,"_genesis_hide_breadcrumbs":false,"_genesis_hide_singular_image":false,"_genesis_hide_footer_widgets":false,"_genesis_custom_body_class":"","_genesis_custom_post_class":"","_genesis_layout":"","jetpack_post_was_ever_published":false,"footnotes":""},"class_list":{"0":"post-6352","1":"page","2":"type-page","3":"status-publish","5":"entry"},"acf":[],"featured_image_src":null,"featured_image_src_square":null,"jetpack_sharing_enabled":true,"jetpack_shortlink":"https:\/\/wp.me\/P9qZtH-1Es","_links":{"self":[{"href":"https:\/\/www.realizecanada.org\/fr\/wp-json\/wp\/v2\/pages\/6352","targetHints":{"allow":["GET"]}}],"collection":[{"href":"https:\/\/www.realizecanada.org\/fr\/wp-json\/wp\/v2\/pages"}],"about":[{"href":"https:\/\/www.realizecanada.org\/fr\/wp-json\/wp\/v2\/types\/page"}],"author":[{"embeddable":true,"href":"https:\/\/www.realizecanada.org\/fr\/wp-json\/wp\/v2\/users\/2"}],"replies":[{"embeddable":true,"href":"https:\/\/www.realizecanada.org\/fr\/wp-json\/wp\/v2\/comments?post=6352"}],"version-history":[{"count":3,"href":"https:\/\/www.realizecanada.org\/fr\/wp-json\/wp\/v2\/pages\/6352\/revisions"}],"predecessor-version":[{"id":6436,"href":"https:\/\/www.realizecanada.org\/fr\/wp-json\/wp\/v2\/pages\/6352\/revisions\/6436"}],"up":[{"embeddable":true,"href":"https:\/\/www.realizecanada.org\/fr\/wp-json\/wp\/v2\/pages\/2729"}],"wp:attachment":[{"href":"https:\/\/www.realizecanada.org\/fr\/wp-json\/wp\/v2\/media?parent=6352"}],"curies":[{"name":"wp","href":"https:\/\/api.w.org\/{rel}","templated":true}]}}